{"version":"1.0","provider_name":"Societatea Culturala","provider_url":"https:\/\/www.societateamuzicala.ro\/societateaculturala","author_name":"Catoi Daniel","author_url":"https:\/\/www.societateamuzicala.ro\/societateaculturala\/author\/daniel","title":"ME\u015eTERUL MANOLE \u2013 OPER\u0102 ROCK \u00een concert - Societatea Culturala","type":"rich","width":600,"height":338,"html":"<blockquote class=\"wp-embedded-content\" data-secret=\"62Em0O3FxK\"><a href=\"https:\/\/www.societateamuzicala.ro\/societateaculturala\/mesterul-manole-opera-rock-in-concert\">ME\u015eTERUL MANOLE \u2013 OPER\u0102 ROCK \u00een concert<\/a><\/blockquote><iframe sandbox=\"allow-scripts\" security=\"restricted\" src=\"https:\/\/www.societateamuzicala.ro\/societateaculturala\/mesterul-manole-opera-rock-in-concert\/embed#?secret=62Em0O3FxK\" width=\"600\" height=\"338\" title=\"&#8222;ME\u015eTERUL MANOLE \u2013 OPER\u0102 ROCK \u00een concert&#8221; &#8211; Societatea Culturala\" data-secret=\"62Em0O3FxK\" frameborder=\"0\" marginwidth=\"0\" marginheight=\"0\" scrolling=\"no\" class=\"wp-embedded-content\"><\/iframe><script type=\"text\/javascript\">\n\/* <![CDATA[ *\/\n\/*! This file is auto-generated *\/\n!function(d,l){\"use strict\";l.querySelector&&d.addEventListener&&\"undefined\"!=typeof URL&&(d.wp=d.wp||{},d.wp.receiveEmbedMessage||(d.wp.receiveEmbedMessage=function(e){var t=e.data;if((t||t.secret||t.message||t.value)&&!\/[^a-zA-Z0-9]\/.test(t.secret)){for(var s,r,n,a=l.querySelectorAll('iframe[data-secret=\"'+t.secret+'\"]'),o=l.querySelectorAll('blockquote[data-secret=\"'+t.secret+'\"]'),c=new RegExp(\"^https?:$\",\"i\"),i=0;i<o.length;i++)o[i].style.display=\"none\";for(i=0;i<a.length;i++)s=a[i],e.source===s.contentWindow&&(s.removeAttribute(\"style\"),\"height\"===t.message?(1e3<(r=parseInt(t.value,10))?r=1e3:~~r<200&&(r=200),s.height=r):\"link\"===t.message&&(r=new URL(s.getAttribute(\"src\")),n=new URL(t.value),c.test(n.protocol))&&n.host===r.host&&l.activeElement===s&&(d.top.location.href=t.value))}},d.addEventListener(\"message\",d.wp.receiveEmbedMessage,!1),l.addEventListener(\"DOMContentLoaded\",function(){for(var e,t,s=l.querySelectorAll(\"iframe.wp-embedded-content\"),r=0;r<s.length;r++)(t=(e=s[r]).getAttribute(\"data-secret\"))||(t=Math.random().toString(36).substring(2,12),e.src+=\"#?secret=\"+t,e.setAttribute(\"data-secret\",t)),e.contentWindow.postMessage({message:\"ready\",secret:t},\"*\")},!1)))}(window,document);\n\/\/# sourceURL=https:\/\/www.societateamuzicala.ro\/societateaculturala\/wp-includes\/js\/wp-embed.min.js\n\/* ]]> *\/\n<\/script>\n","description":"ME\u015eTERUL MANOLE \u2013 OPER\u0102 ROCK \u00een concert \u2013 premier\u0103 cu casa \u00eenchis\u0103 la Teatrul Na\u0163ional de Operet\u0103 \u015fi Musical Ion Dacian \u015fi nou\u0103 reprezenta\u0163ie pe 2 februarie Noul an \u00eencepe \u00een for\u0163\u0103, la Teatrul Na\u0163ional de Operet\u0103 \u015fi Musical Ion Dacian: spectacolul-concert ME\u015eTERUL MANOLE \u2013 OPER\u0102 ROCK va avea premiera cu casa \u00eenchis\u0103 pe 14 [&hellip;]","thumbnail_url":"https:\/\/www.societateamuzicala.ro\/societateaculturala\/wp-content\/uploads\/2024\/01\/Mesterul-Manole_Landscape-520x198.jpeg"}